{"id":7880,"date":"2021-11-17T10:52:46","date_gmt":"2021-11-17T09:52:46","guid":{"rendered":"https:\/\/momentum.lu\/actualites\/"},"modified":"2025-02-18T15:28:04","modified_gmt":"2025-02-18T14:28:04","slug":"noticias","status":"publish","type":"page","link":"https:\/\/momentum.lu\/es\/noticias\/","title":{"rendered":"[Actualidad]"},"content":{"rendered":"\t\t<div data-elementor-type=\"wp-page\" data-elementor-id=\"7880\" class=\"elementor elementor-7880 elementor-23\" data-elementor-post-type=\"page\">\n\t\t\t\t\t\t<section class=\"elementor-section elementor-top-section elementor-element elementor-element-29f8884 elementor-section-height-min-height elementor-section-boxed elementor-section-height-default elementor-section-items-middle\" data-id=\"29f8884\" data-element_type=\"section\" id=\"home-section\" data-settings=\"{&quot;background_background&quot;:&quot;classic&quot;}\">\n\t\t\t\t\t\t\t<div class=\"elementor-background-overlay\"><\/div>\n\t\t\t\t\t\t\t<div class=\"elementor-container elementor-column-gap-default\">\n\t\t\t\t\t<div class=\"elementor-column elementor-col-100 elementor-top-column elementor-element elementor-element-570cab6\" data-id=\"570cab6\" data-element_type=\"column\">\n\t\t\t<div class=\"elementor-widget-wrap elementor-element-populated\">\n\t\t\t\t\t\t<div class=\"elementor-element elementor-element-d9581d4 elementor-widget elementor-widget-heading\" data-id=\"d9581d4\" data-element_type=\"widget\" data-settings=\"{&quot;motion_fx_translateY_effect&quot;:&quot;yes&quot;,&quot;motion_fx_translateY_direction&quot;:&quot;negative&quot;,&quot;motion_fx_translateY_speed&quot;:{&quot;unit&quot;:&quot;px&quot;,&quot;size&quot;:3.1,&quot;sizes&quot;:[]},&quot;motion_fx_motion_fx_scrolling&quot;:&quot;yes&quot;,&quot;motion_fx_translateY_affectedRange&quot;:{&quot;unit&quot;:&quot;%&quot;,&quot;size&quot;:&quot;&quot;,&quot;sizes&quot;:{&quot;start&quot;:0,&quot;end&quot;:100}},&quot;motion_fx_devices&quot;:[&quot;widescreen&quot;,&quot;desktop&quot;,&quot;tablet&quot;,&quot;mobile&quot;]}\" data-widget_type=\"heading.default\">\n\t\t\t\t<div class=\"elementor-widget-container\">\n\t\t\t\t\t<h1 class=\"elementor-heading-title elementor-size-default\">Actualidad | Flash semanal<\/h1>\t\t\t\t<\/div>\n\t\t\t\t<\/div>\n\t\t\t\t\t<\/div>\n\t\t<\/div>\n\t\t\t\t\t<\/div>\n\t\t<\/section>\n\t\t\t\t<section class=\"elementor-section elementor-top-section elementor-element elementor-element-53d9b3b elementor-section-boxed elementor-section-height-default elementor-section-height-default\" data-id=\"53d9b3b\" data-element_type=\"section\">\n\t\t\t\t\t\t<div class=\"elementor-container elementor-column-gap-default\">\n\t\t\t\t\t<div class=\"elementor-column elementor-col-100 elementor-top-column elementor-element elementor-element-2f7f3ea\" data-id=\"2f7f3ea\" data-element_type=\"column\">\n\t\t\t<div class=\"elementor-widget-wrap elementor-element-populated\">\n\t\t\t\t\t\t<div class=\"elementor-element elementor-element-84803d3 pp-post-filters-align-left pp-posts-image-stack-mobile elementor-widget elementor-widget-pp-posts\" data-id=\"84803d3\" data-element_type=\"widget\" data-widget_type=\"pp-posts.checkerboard\">\n\t\t\t\t<div class=\"elementor-widget-container\">\n\t\t\t\t\t\t\t<div class=\"pp-post-filters-container\">\n\t\t\t\t\t\t<div class=\"pp-post-filters-wrap pp-post-filters-dropdown-no\">\n\t\t\t\t<ul class=\"pp-post-filters \">\n\t\t\t\t\t\t\t\t\t\t\t<li class=\"pp-post-filter pp-filter-current\" data-filter=\"*\" data-taxonomy=\"\">Tous<\/li>\n\t\t\t\t\t\t\t\t\t\t\t\t\t\t\t\t\t\t\t\t\t\t\t\t\t\t\t\t\t\t<li class=\"pp-post-filter \" data-filter=\".2021\" data-taxonomy=\".category\">2021<\/li>\n\t\t\t\t\t\t\t\t\t\t\t\t\t\t\t\t\t\t\t\t\t\t\t\t\t\t<li class=\"pp-post-filter \" data-filter=\".2022\" data-taxonomy=\".category\">2022<\/li>\n\t\t\t\t\t\t\t\t\t\t\t\t\t\t\t\t\t\t\t\t\t\t\t\t\t\t<li class=\"pp-post-filter \" data-filter=\".2023\" data-taxonomy=\".category\">2023<\/li>\n\t\t\t\t\t\t\t\t\t\t\t\t\t\t\t\t\t\t\t\t\t\t\t\t\t\t<li class=\"pp-post-filter \" data-filter=\".2024\" data-taxonomy=\".category\">2024<\/li>\n\t\t\t\t\t\t\t\t\t\t\t\t\t\t\t\t\t\t\t\t\t\t\t\t\t\t<li class=\"pp-post-filter \" data-filter=\".2025\" data-taxonomy=\".category\">2025<\/li>\n\t\t\t\t\t\t\t\t\t\t\t\t\t\t\t\t\t\t\t\t\t\t\t\t\t\t<li class=\"pp-post-filter \" data-filter=\".2026\" data-taxonomy=\".category\">2026<\/li>\n\t\t\t\t\t\t\t\t\t\t\t<\/ul>\n\n\t\t\t\t\t\t\t<\/div>\n\t\t\t\t\t\t\t\t<\/div>\n\t\t\t\t<div class=\"pp-posts-container\">\n\t\t\t\n\t\t\t\t\t\t\t\t\t\t\n\t\t\t<div class=\"pp-posts pp-posts-skin-checkerboard\" data-query-type=\"custom\" data-layout=\"grid\" data-page=\"7880\" data-skin=\"checkerboard\">\n\t\t\t\t\t\t\t\t\t\t\t<div class=\"pp-post-wrap pp-grid-item-wrap elementor-grid-item post-9205 post type-post status-publish format-standard has-post-thumbnail hentry category-45\">\n\t\t\t\t\t\t<div class=\"pp-post pp-grid-item\">\n\t\t\t\t\t\t<div class=\"pp-post-thumbnail\">\n\t\t\t<a class=\"pp-post-thumbnail-wrap\" href=\"https:\/\/momentum.lu\/es\/2026\/08\/21\/flash-marches-du-20-aout-2026\/\" target=\"_blank\" title=\"FLASH march\u00e9s du 20 ao\u00fbt 2026\">\n\t\t\t\t<img fetchpriority=\"high\" decoding=\"async\" width=\"1000\" height=\"1000\" src=\"https:\/\/momentum.lu\/wp-content\/uploads\/2026\/08\/momentum-actualites.jpg\" class=\"attachment-full size-full wp-image-9207\" alt=\"\" \/>\t\t\t<\/a>\n\t\t<\/div>\n\t\t\t\t\t\t<div class=\"pp-post-content-wrap\">\n\t\t\t\t\t<div class=\"pp-post-content\">\n\t\t\t\t\t\t\t\t\t\t\t\t<h2 class=\"pp-post-title\">\n\t\t\t\t<a href=\"https:\/\/momentum.lu\/es\/2026\/08\/21\/flash-marches-du-20-aout-2026\/\" target=\"_blank\">FLASH march\u00e9s du 20 ao\u00fbt 2026<\/a>\t\t\t<\/h2>\n\t\t\t\t\t\t\t<div class=\"pp-post-excerpt\">\n\t\t\tFLASH march\u00e9s du 20 ao\u00fbt 2026 | Actualit\u00e9s Chers tous,Parfois on se demande ce qu\u2019on fait \u00e0 Luxembourg le 15 ao\u00fbt\u2026 C\u2019est vrai que c\u2019est calme, tr\u00e8s calme, trop calme, mais \u00e7a permet de s\u2019atteler aux choses qu\u2019on n\u2019a jamais le temps de regarder\u2026On n\u2019y est pas, mais on s\u2019en...\t\t<\/div>\n\t\t\t\t\t\t\t<a class=\"pp-posts-button elementor-button elementor-size-sm\" href=\"https:\/\/momentum.lu\/es\/2026\/08\/21\/flash-marches-du-20-aout-2026\/\" title=\"FLASH march\u00e9s du 20 ao\u00fbt 2026\" aria-label=\"Read more about FLASH march\u00e9s du 20 ao\u00fbt 2026\" target=\"_blank\">\n\t\t\t\t<span class=\"elementor-button-content-wrapper\">\n\t\t\t\t\t\t\t\t\t\t\t<span class=\"pp-button-text\">\n\t\t\t\t\t\t\tVER ELART\u00cdCULO\t\t\t\t\t\t<\/span>\n\t\t\t\t\t\t\t\t<span class=\"pp-button-icon elementor-button-icon\">\n\t\t\t\t<i aria-hidden=\"true\" class=\"fas fa-long-arrow-alt-right\"><\/i>\t\t\t<\/span>\n\t\t\t\t\t\t\t<\/span>\n\t\t\t<\/a>\n\t\t\t\t\t\t\t<\/div>\n\t\t\t\t<\/div>\n\t\t\t<\/div>\n\t\t\t\t\t<\/div>\n\t\t\t\t<div class=\"pp-post-wrap pp-grid-item-wrap elementor-grid-item post-9194 post type-post status-publish format-standard has-post-thumbnail hentry category-45\">\n\t\t\t\t\t\t<div class=\"pp-post pp-grid-item\">\n\t\t\t\t\t\t<div class=\"pp-post-thumbnail\">\n\t\t\t<a class=\"pp-post-thumbnail-wrap\" href=\"https:\/\/momentum.lu\/es\/2026\/07\/30\/flash-marches-du-30-juillet-2026\/\" target=\"_blank\" title=\"FLASH march\u00e9s du 30 juillet 2026\">\n\t\t\t\t<img decoding=\"async\" width=\"1000\" height=\"1000\" src=\"https:\/\/momentum.lu\/wp-content\/uploads\/2026\/07\/momentum-actualites-finances.jpeg\" class=\"attachment-full size-full wp-image-9200\" alt=\"momentum-actualites-finances\" \/>\t\t\t<\/a>\n\t\t<\/div>\n\t\t\t\t\t\t<div class=\"pp-post-content-wrap\">\n\t\t\t\t\t<div class=\"pp-post-content\">\n\t\t\t\t\t\t\t\t\t\t\t\t<h2 class=\"pp-post-title\">\n\t\t\t\t<a href=\"https:\/\/momentum.lu\/es\/2026\/07\/30\/flash-marches-du-30-juillet-2026\/\" target=\"_blank\">FLASH march\u00e9s du 30 juillet 2026<\/a>\t\t\t<\/h2>\n\t\t\t\t\t\t\t<div class=\"pp-post-excerpt\">\n\t\t\tFLASH march\u00e9s du 30 juillet 2026 | Actualit\u00e9s Chers tous,\u00a0\u00a0Pardon pour ce long temps sans nouvelles. Notre marche annuelle sur les chemins de St Jacques nous aura permis de prendre du recul, mais le retour ce lundi nous fait constater que c'est \u00ab comme s'il ne s'\u00e9tait rien pass\u00e9 \u00bb....\t\t<\/div>\n\t\t\t\t\t\t\t<a class=\"pp-posts-button elementor-button elementor-size-sm\" href=\"https:\/\/momentum.lu\/es\/2026\/07\/30\/flash-marches-du-30-juillet-2026\/\" title=\"FLASH march\u00e9s du 30 juillet 2026\" aria-label=\"Read more about FLASH march\u00e9s du 30 juillet 2026\" target=\"_blank\">\n\t\t\t\t<span class=\"elementor-button-content-wrapper\">\n\t\t\t\t\t\t\t\t\t\t\t<span class=\"pp-button-text\">\n\t\t\t\t\t\t\tVER ELART\u00cdCULO\t\t\t\t\t\t<\/span>\n\t\t\t\t\t\t\t\t<span class=\"pp-button-icon elementor-button-icon\">\n\t\t\t\t<i aria-hidden=\"true\" class=\"fas fa-long-arrow-alt-right\"><\/i>\t\t\t<\/span>\n\t\t\t\t\t\t\t<\/span>\n\t\t\t<\/a>\n\t\t\t\t\t\t\t<\/div>\n\t\t\t\t<\/div>\n\t\t\t<\/div>\n\t\t\t\t\t<\/div>\n\t\t\t\t<div class=\"pp-post-wrap pp-grid-item-wrap elementor-grid-item post-9161 post type-post status-publish format-standard has-post-thumbnail hentry category-45\">\n\t\t\t\t\t\t<div class=\"pp-post pp-grid-item\">\n\t\t\t\t\t\t<div class=\"pp-post-thumbnail\">\n\t\t\t<a class=\"pp-post-thumbnail-wrap\" href=\"https:\/\/momentum.lu\/es\/2026\/06\/16\/flash-marches-du-16-juin-2026\/\" target=\"_blank\" title=\"FLASH march\u00e9s du 16 juin 2026\">\n\t\t\t\t<img decoding=\"async\" width=\"1000\" height=\"1000\" src=\"https:\/\/momentum.lu\/wp-content\/uploads\/2026\/06\/momentum-actualites-Trump-CNN-Iran.jpg\" class=\"attachment-full size-full wp-image-9163\" alt=\"momentum-actualites-Trump-CNN-Iran\" \/>\t\t\t<\/a>\n\t\t<\/div>\n\t\t\t\t\t\t<div class=\"pp-post-content-wrap\">\n\t\t\t\t\t<div class=\"pp-post-content\">\n\t\t\t\t\t\t\t\t\t\t\t\t<h2 class=\"pp-post-title\">\n\t\t\t\t<a href=\"https:\/\/momentum.lu\/es\/2026\/06\/16\/flash-marches-du-16-juin-2026\/\" target=\"_blank\">FLASH march\u00e9s du 16 juin 2026<\/a>\t\t\t<\/h2>\n\t\t\t\t\t\t\t<div class=\"pp-post-excerpt\">\n\t\t\tFLASH march\u00e9s du 16 juin 2026 | Actualit\u00e9s Chers tous,\u00a0\u00a0Vous aurez vu, ce week-end, que CNN avait calcul\u00e9 que depuis trois mois, Trump avait annonc\u00e9 \u00e0 38 reprises la signature d\u2019un accord avec l\u2019Iran\u2026 Il aura donc fallu attendre la 39e fois pour que ce soit la bonne, et encore\u2026Parce...\t\t<\/div>\n\t\t\t\t\t\t\t<a class=\"pp-posts-button elementor-button elementor-size-sm\" href=\"https:\/\/momentum.lu\/es\/2026\/06\/16\/flash-marches-du-16-juin-2026\/\" title=\"FLASH march\u00e9s du 16 juin 2026\" aria-label=\"Read more about FLASH march\u00e9s du 16 juin 2026\" target=\"_blank\">\n\t\t\t\t<span class=\"elementor-button-content-wrapper\">\n\t\t\t\t\t\t\t\t\t\t\t<span class=\"pp-button-text\">\n\t\t\t\t\t\t\tVER ELART\u00cdCULO\t\t\t\t\t\t<\/span>\n\t\t\t\t\t\t\t\t<span class=\"pp-button-icon elementor-button-icon\">\n\t\t\t\t<i aria-hidden=\"true\" class=\"fas fa-long-arrow-alt-right\"><\/i>\t\t\t<\/span>\n\t\t\t\t\t\t\t<\/span>\n\t\t\t<\/a>\n\t\t\t\t\t\t\t<\/div>\n\t\t\t\t<\/div>\n\t\t\t<\/div>\n\t\t\t\t\t<\/div>\n\t\t\t\t<div class=\"pp-post-wrap pp-grid-item-wrap elementor-grid-item post-9147 post type-post status-publish format-standard has-post-thumbnail hentry category-45\">\n\t\t\t\t\t\t<div class=\"pp-post pp-grid-item\">\n\t\t\t\t\t\t<div class=\"pp-post-thumbnail\">\n\t\t\t<a class=\"pp-post-thumbnail-wrap\" href=\"https:\/\/momentum.lu\/es\/2026\/06\/04\/flash-marches-du-04-juin-2026\/\" target=\"_blank\" title=\"FLASH march\u00e9s du 4 juin 2026\">\n\t\t\t\t<img loading=\"lazy\" decoding=\"async\" width=\"1000\" height=\"1000\" src=\"https:\/\/momentum.lu\/wp-content\/uploads\/2026\/06\/momentum-actualites-largest-economies.jpg\" class=\"attachment-full size-full wp-image-9152\" alt=\"momentum-actualites-largest-economies\" \/>\t\t\t<\/a>\n\t\t<\/div>\n\t\t\t\t\t\t<div class=\"pp-post-content-wrap\">\n\t\t\t\t\t<div class=\"pp-post-content\">\n\t\t\t\t\t\t\t\t\t\t\t\t<h2 class=\"pp-post-title\">\n\t\t\t\t<a href=\"https:\/\/momentum.lu\/es\/2026\/06\/04\/flash-marches-du-04-juin-2026\/\" target=\"_blank\">FLASH march\u00e9s du 4 juin 2026<\/a>\t\t\t<\/h2>\n\t\t\t\t\t\t\t<div class=\"pp-post-excerpt\">\n\t\t\tFLASH march\u00e9s du 04 juin 2026 | Actualit\u00e9s Chers tous,\u00a0\u00a0En v\u00e9rit\u00e9, rien ne se passe sur la r\u00e9solution du conflit au Moyen-Orient. On vit toujours au gr\u00e9 des d\u00e9clarations de la maison blanche, dont on commence \u00e0 se rendre compte, s\u2019il est temps, qu\u2019elles ne sont que du vent.Il y...\t\t<\/div>\n\t\t\t\t\t\t\t<a class=\"pp-posts-button elementor-button elementor-size-sm\" href=\"https:\/\/momentum.lu\/es\/2026\/06\/04\/flash-marches-du-04-juin-2026\/\" title=\"FLASH march\u00e9s du 4 juin 2026\" aria-label=\"Read more about FLASH march\u00e9s du 4 juin 2026\" target=\"_blank\">\n\t\t\t\t<span class=\"elementor-button-content-wrapper\">\n\t\t\t\t\t\t\t\t\t\t\t<span class=\"pp-button-text\">\n\t\t\t\t\t\t\tVER ELART\u00cdCULO\t\t\t\t\t\t<\/span>\n\t\t\t\t\t\t\t\t<span class=\"pp-button-icon elementor-button-icon\">\n\t\t\t\t<i aria-hidden=\"true\" class=\"fas fa-long-arrow-alt-right\"><\/i>\t\t\t<\/span>\n\t\t\t\t\t\t\t<\/span>\n\t\t\t<\/a>\n\t\t\t\t\t\t\t<\/div>\n\t\t\t\t<\/div>\n\t\t\t<\/div>\n\t\t\t\t\t<\/div>\n\t\t\t\t\t\t\t\t\t<\/div>\n\t\t\t\n\t\t\t\n\t\t\t\n\t\t\t\n\t\t\t\t\t\t\t\t\t\t\t<div class=\"pp-posts-pagination-wrap pp-posts-pagination-bottom\">\n\t\t\t\t\t\t\t\t<nav class=\"pp-posts-pagination pp-posts-pagination-ajax elementor-pagination\" role=\"navigation\" aria-label=\"Pagination\" data-total=\"35\">\n\t\t\t\t<span aria-current=\"page\" class=\"page-numbers current\">1<\/span>\n<a class=\"page-numbers\" href=\"https:\/\/momentum.lu\/es\/wp-json\/wp\/v2\/pages\/7880\/page\/2\/\">2<\/a>\n<a class=\"page-numbers\" href=\"https:\/\/momentum.lu\/es\/wp-json\/wp\/v2\/pages\/7880\/page\/3\/\">3<\/a>\n<span class=\"page-numbers dots\">&hellip;<\/span>\n<a class=\"page-numbers\" href=\"https:\/\/momentum.lu\/es\/wp-json\/wp\/v2\/pages\/7880\/page\/35\/\">35<\/a>\n<a class=\"next page-numbers\" href=\"https:\/\/momentum.lu\/es\/wp-json\/wp\/v2\/pages\/7880\/page\/2\/\">Siguiente \u00bb<\/a>\t\t\t<\/nav>\n\t\t\t\t\t\t\t<\/div>\n\t\t\t\t\t\t\t\t\t<\/div>\n\n\t\t\n\t\t\t\t\t\t<\/div>\n\t\t\t\t<\/div>\n\t\t\t\t\t<\/div>\n\t\t<\/div>\n\t\t\t\t\t<\/div>\n\t\t<\/section>\n\t\t\t\t<\/div>\n\t\t","protected":false},"excerpt":{"rendered":"<p>Actualidad | Flash semanal It seems we can&#8217;t find what you&#8217;re looking for.<\/p>\n","protected":false},"author":1,"featured_media":0,"parent":0,"menu_order":0,"comment_status":"closed","ping_status":"closed","template":"elementor_header_footer","meta":{"_seopress_robots_primary_cat":"","_seopress_titles_title":"Noticias financieras en breve","_seopress_titles_desc":"Mant\u00e9ngase al d\u00eda de las noticias de Momentum. Los art\u00edculos escritos por Pierre Eustache cubren las principales noticias del mundo de las finanzas.","_seopress_robots_index":"","inline_featured_image":false,"footnotes":""},"class_list":["post-7880","page","type-page","status-publish","hentry"],"_links":{"self":[{"href":"https:\/\/momentum.lu\/es\/wp-json\/wp\/v2\/pages\/7880","targetHints":{"allow":["GET"]}}],"collection":[{"href":"https:\/\/momentum.lu\/es\/wp-json\/wp\/v2\/pages"}],"about":[{"href":"https:\/\/momentum.lu\/es\/wp-json\/wp\/v2\/types\/page"}],"author":[{"embeddable":true,"href":"https:\/\/momentum.lu\/es\/wp-json\/wp\/v2\/users\/1"}],"replies":[{"embeddable":true,"href":"https:\/\/momentum.lu\/es\/wp-json\/wp\/v2\/comments?post=7880"}],"version-history":[{"count":13,"href":"https:\/\/momentum.lu\/es\/wp-json\/wp\/v2\/pages\/7880\/revisions"}],"predecessor-version":[{"id":8324,"href":"https:\/\/momentum.lu\/es\/wp-json\/wp\/v2\/pages\/7880\/revisions\/8324"}],"wp:attachment":[{"href":"https:\/\/momentum.lu\/es\/wp-json\/wp\/v2\/media?parent=7880"}],"curies":[{"name":"wp","href":"https:\/\/api.w.org\/{rel}","templated":true}]}}